{"id":1439,"date":"2014-03-02T19:29:24","date_gmt":"2014-03-02T18:29:24","guid":{"rendered":"http:\/\/www.auxcinephilesdeleau.com\/?page_id=1439"},"modified":"2020-12-06T13:14:38","modified_gmt":"2020-12-06T12:14:38","slug":"le-nouveau-projet-cine-searcus","status":"publish","type":"page","link":"https:\/\/www.auxcinephilesdeleau.com\/?page_id=1439","title":{"rendered":"La gen\u00e8se du projet Cin\u00e9 SearCus"},"content":{"rendered":"<p style=\"text-align: center;\"><a href=\"https:\/\/www.auxcinephilesdeleau.com\/wp-content\/uploads\/2014\/03\/26-Logo-clean.jpg\"><img decoding=\"async\" loading=\"lazy\" class=\"wp-image-2108 alignnone\" src=\"https:\/\/www.auxcinephilesdeleau.com\/wp-content\/uploads\/2014\/03\/26-Logo-clean-150x150.jpg\" alt=\"26 - Logo-clean\" width=\"205\" height=\"205\" \/><\/a><\/p>\n<p style=\"text-align: left;\">Depuis ses d\u00e9buts en 2014, le projet \u00ab\u00a0Cin\u00e9 SearCus\u00a0\u00bb a bien \u00e9volu\u00e9, \u00e9tant pass\u00e9 par diff\u00e9rentes \u00e9tapes.<\/p>\n<p style=\"text-align: left;\">Voici le r\u00e9sum\u00e9 du spectacle :<\/p>\n<p style=\"text-align: left;\"><span class=\"_4n-j _fbReactionComponent__eventDetailsContentTags fsl\" data-testid=\"event-permalink-details\">\u00ab\u00a0Cin\u00e9 SearCus vous pr\u00e9sente un \u00e9v\u00e8nement unique, qui a voyag\u00e9 en voilier de la Bretagne jusqu&rsquo;aux Antilles, en passant par l&rsquo;Espagne, le Portugal, les Canaries, Mad\u00e8re, le S\u00e9n\u00e9gal et le Cap Vert.<br \/>\nVous d\u00e9couvrirez un cin\u00e9ma d\u00e9jant\u00e9, comique et surprenant, pour tout public, qui m\u00e9lange des projections avec du th\u00e9\u00e2tre et de la musique. Les th\u00e8mes des courts-m\u00e9trages sont vari\u00e9s : <span class=\"text_exposed_show\">fantaisie, humour, \u00e9cologie, r\u00e9alit\u00e9 sociale&#8230;<br \/>\nCin\u00e9ma, accord\u00e9on, jeux d&rsquo;\u00e9cran et autres p\u00e9rip\u00e9ties, c&rsquo;est un voyage d&rsquo;images et de sons qui vous attend !\u00a0\u00bb<\/span><\/span><\/p>\n<p style=\"text-align: left;\">Le teaser, essentiellement tourn\u00e9 aux Canaries en 2016, repr\u00e9sente l&rsquo;ambiance du projet :<\/p>\n<p><iframe loading=\"lazy\" title=\"Le nouveau teaser de &amp;quot;Cin&amp;eacute; SearCus&amp;quot; !\" src=\"https:\/\/player.vimeo.com\/video\/234146085?dnt=1&amp;app_id=122963\" width=\"640\" height=\"360\" frameborder=\"0\" allow=\"autoplay; fullscreen\" allowfullscreen><\/iframe><\/p>\n<p class=\"ecxMsoNormal\" style=\"text-align: left;\">Apr\u00e8s le bateau-cin\u00e9ma, \u00ab\u00a0Cin\u00e9 SearCus\u00a0\u00bb est le nouveau projet port\u00e9 par\u00a0 l\u2019association \u00ab\u00a0Aux Cin\u00e9philes de l\u2019eau\u00a0\u00bb.<\/p>\n<p class=\"ecxMsoNormal\" style=\"text-align: justify;\"><a href=\"https:\/\/www.auxcinephilesdeleau.com\/wp-content\/uploads\/2011\/03\/affiche-pr-site.jpg\"><img decoding=\"async\" loading=\"lazy\" class=\"aligncenter wp-image-3103 \" src=\"https:\/\/www.auxcinephilesdeleau.com\/wp-content\/uploads\/2011\/03\/affiche-pr-site-724x1024.jpg\" alt=\"\" width=\"438\" height=\"619\" srcset=\"https:\/\/www.auxcinephilesdeleau.com\/wp-content\/uploads\/2011\/03\/affiche-pr-site-724x1024.jpg 724w, https:\/\/www.auxcinephilesdeleau.com\/wp-content\/uploads\/2011\/03\/affiche-pr-site-212x300.jpg 212w, https:\/\/www.auxcinephilesdeleau.com\/wp-content\/uploads\/2011\/03\/affiche-pr-site-768x1086.jpg 768w, https:\/\/www.auxcinephilesdeleau.com\/wp-content\/uploads\/2011\/03\/affiche-pr-site-600x849.jpg 600w\" sizes=\"(max-width: 438px) 100vw, 438px\" \/><\/a><\/p>\n<p class=\"ecxMsoNormal\" style=\"text-align: justify;\">Cin\u00e9 SearCus, c\u2019est un concept, un genre, une troupe, un spectacle, un mode de vie\u00a0!<\/p>\n<p class=\"ecxMsoNormal\" style=\"text-align: justify;\">Parti pour \u00eatre un projet collectif \u00e0 3 voiliers (voir le dossier ci-dessous \u00e9crit d\u00e9but 2014, le projet a bien \u00e9volu\u00e9 depuis&#8230;), Cin\u00e9 SearCus a \u00e9volu\u00e9 au gr\u00e9 du vent et grandira au fil de l\u2019eau\u00a0! Le projet se concentre aujourd\u2019hui autour du voilier Dominao, de Pauline et Yann les fondateurs de l\u2019association, leurs 2 enfants, avec par moment un ou des \u00e9quipiers amoureux de la mer et du spectacle. Tous sont anim\u00e9s par les m\u00eames envies\u00a0: l\u2019\u00e9change culturel et les rencontres fortuites \u00e0 chaque escale, pr\u00e9vue de la Bretagne aux Canaries. Le d\u00e9part se fera pour l&rsquo;\u00e9t\u00e9 2015 (voyage que vous pouvez suivre en vous inscrivant \u00e0 notre newsletter en bas de page ou en allant r\u00e9guli\u00e8rement visiter notre page \u00ab\u00a0journal de bord).<\/p>\n<p class=\"ecxMsoNormal\" style=\"text-align: justify;\">Leur bagage \u00e0 bord\u00a0: un cin\u00e9-spectacle musical farfelu et d\u00e9jant\u00e9, tout fra\u00eechement mont\u00e9, qu\u2019ils tourneront en Bretagne en mai\/juin 2015 puis lors de leur voyage \u00e0 chaque escale.<\/p>\n<p class=\"ecxMsoNormal\" style=\"text-align: justify;\">Chez Cin\u00e9 SearCus, on fait notre cin\u00e9ma pour en faire un spectacle, on s\u2019improvise circassiens, musiciens, on fait des films, on les diffuse&#8230; et on s\u2019amuse avec\u00a0!<\/p>\n<div id=\"attachment_2114\" style=\"width: 430px\" class=\"wp-caption alignnone\"><a href=\"https:\/\/www.auxcinephilesdeleau.com\/wp-content\/uploads\/2014\/03\/Annonce-recto.jpg\"><img aria-describedby=\"caption-attachment-2114\" decoding=\"async\" loading=\"lazy\" class=\"wp-image-2114\" src=\"https:\/\/www.auxcinephilesdeleau.com\/wp-content\/uploads\/2014\/03\/Annonce-recto-724x1024.jpg\" alt=\"\" width=\"420\" height=\"594\" srcset=\"https:\/\/www.auxcinephilesdeleau.com\/wp-content\/uploads\/2014\/03\/Annonce-recto-724x1024.jpg 724w, https:\/\/www.auxcinephilesdeleau.com\/wp-content\/uploads\/2014\/03\/Annonce-recto-212x300.jpg 212w, https:\/\/www.auxcinephilesdeleau.com\/wp-content\/uploads\/2014\/03\/Annonce-recto-600x849.jpg 600w\" sizes=\"(max-width: 420px) 100vw, 420px\" \/><\/a><p id=\"caption-attachment-2114\" class=\"wp-caption-text\">1er affiche de la premi\u00e8re version du spectacle en 2015<\/p><\/div>\n<p class=\"ecxMsoNormal\" style=\"text-align: justify;\">\u00ab\u00a0Cin\u00e9 SearCus\u00a0\u00bb, un cin\u00e9-spectacle musical, farfelu et d\u00e9jant\u00e9, de 50 min\u00a0:<\/p>\n<p class=\"ecxMsoNormal\" style=\"text-align: justify;\">\u00ab\u00a0Un cin\u00e9ma, venu \u00e0 la voile, se monte sous vos yeux, en musique, par 4 hurluberlus, pour vous concocter une projection d\u00e9jant\u00e9e. Mais c&rsquo;est quoi ce\u00a0cirque ?\u00a0\u00bb<\/p>\n<p class=\"ecxMsoNormal\" style=\"text-align: justify;\"><a href=\"https:\/\/www.auxcinephilesdeleau.com\/wp-content\/uploads\/2014\/03\/Annonce-versoC.jpg\"><img decoding=\"async\" loading=\"lazy\" class=\"aligncenter size-large wp-image-1735\" src=\"https:\/\/www.auxcinephilesdeleau.com\/wp-content\/uploads\/2014\/03\/Annonce-versoC-1024x724.jpg\" alt=\"Annonce-versoC\" width=\"640\" height=\"453\" srcset=\"https:\/\/www.auxcinephilesdeleau.com\/wp-content\/uploads\/2014\/03\/Annonce-versoC.jpg 1024w, https:\/\/www.auxcinephilesdeleau.com\/wp-content\/uploads\/2014\/03\/Annonce-versoC-300x212.jpg 300w, https:\/\/www.auxcinephilesdeleau.com\/wp-content\/uploads\/2014\/03\/Annonce-versoC-600x424.jpg 600w\" sizes=\"(max-width: 640px) 100vw, 640px\" \/><\/a><\/p>\n<div id=\"attachment_1594\" style=\"width: 650px\" class=\"wp-caption aligncenter\"><a href=\"https:\/\/www.auxcinephilesdeleau.com\/wp-content\/uploads\/2011\/03\/Flyer-recto-1.jpg\"><img aria-describedby=\"caption-attachment-1594\" decoding=\"async\" loading=\"lazy\" class=\"wp-image-1594 size-large\" src=\"https:\/\/www.auxcinephilesdeleau.com\/wp-content\/uploads\/2011\/03\/Flyer-recto-1-1024x723.jpg\" alt=\"Flyer--recto (1)\" width=\"640\" height=\"451\" srcset=\"https:\/\/www.auxcinephilesdeleau.com\/wp-content\/uploads\/2011\/03\/Flyer-recto-1-1024x723.jpg 1024w, https:\/\/www.auxcinephilesdeleau.com\/wp-content\/uploads\/2011\/03\/Flyer-recto-1-300x212.jpg 300w, https:\/\/www.auxcinephilesdeleau.com\/wp-content\/uploads\/2011\/03\/Flyer-recto-1-900x636.jpg 900w\" sizes=\"(max-width: 640px) 100vw, 640px\" \/><\/a><p id=\"caption-attachment-1594\" class=\"wp-caption-text\">D\u00e9pliant r\u00e9alis\u00e9 en 2014 o\u00f9 initialement le projet Cin\u00e9 SearCus partait \u00e0 3 bateaux de Bretagne<\/p><\/div>\n","protected":false},"excerpt":{"rendered":"<p>Depuis ses d\u00e9buts en 2014, le projet \u00ab\u00a0Cin\u00e9 SearCus\u00a0\u00bb a bien \u00e9volu\u00e9, \u00e9tant pass\u00e9 par diff\u00e9rentes \u00e9tapes. Voici le r\u00e9sum\u00e9 du spectacle : \u00ab\u00a0Cin\u00e9 SearCus vous pr\u00e9sente un \u00e9v\u00e8nement unique, qui a voyag\u00e9 en voilier de la Bretagne jusqu&rsquo;aux Antilles, &hellip; <a href=\"https:\/\/www.auxcinephilesdeleau.com\/?page_id=1439\">Continuer la lecture <span class=\"meta-nav\">&rarr;<\/span><\/a><\/p>\n","protected":false},"author":3,"featured_media":3994,"parent":0,"menu_order":0,"comment_status":"open","ping_status":"closed","template":"onecolumn-large.php","meta":{"_mi_skip_tracking":false,"_monsterinsights_sitenote_active":false,"_monsterinsights_sitenote_note":"","_monsterinsights_sitenote_category":0,"footnotes":""},"_links":{"self":[{"href":"https:\/\/www.auxcinephilesdeleau.com\/index.php?rest_route=\/wp\/v2\/pages\/1439"}],"collection":[{"href":"https:\/\/www.auxcinephilesdeleau.com\/index.php?rest_route=\/wp\/v2\/pages"}],"about":[{"href":"https:\/\/www.auxcinephilesdeleau.com\/index.php?rest_route=\/wp\/v2\/types\/page"}],"author":[{"embeddable":true,"href":"https:\/\/www.auxcinephilesdeleau.com\/index.php?rest_route=\/wp\/v2\/users\/3"}],"replies":[{"embeddable":true,"href":"https:\/\/www.auxcinephilesdeleau.com\/index.php?rest_route=%2Fwp%2Fv2%2Fcomments&post=1439"}],"version-history":[{"count":23,"href":"https:\/\/www.auxcinephilesdeleau.com\/index.php?rest_route=\/wp\/v2\/pages\/1439\/revisions"}],"predecessor-version":[{"id":4015,"href":"https:\/\/www.auxcinephilesdeleau.com\/index.php?rest_route=\/wp\/v2\/pages\/1439\/revisions\/4015"}],"wp:featuredmedia":[{"embeddable":true,"href":"https:\/\/www.auxcinephilesdeleau.com\/index.php?rest_route=\/wp\/v2\/media\/3994"}],"wp:attachment":[{"href":"https:\/\/www.auxcinephilesdeleau.com\/index.php?rest_route=%2Fwp%2Fv2%2Fmedia&parent=1439"}],"curies":[{"name":"wp","href":"https:\/\/api.w.org\/{rel}","templated":true}]}}